{"id":359,"date":"2019-04-18T10:32:53","date_gmt":"2019-04-18T08:32:53","guid":{"rendered":"http:\/\/dev.cascinasanvincenzo.org\/?page_id=359"},"modified":"2023-03-29T09:03:38","modified_gmt":"2023-03-29T07:03:38","slug":"comitato-scientifico","status":"publish","type":"page","link":"https:\/\/cascinasanvincenzo.org\/?page_id=359","title":{"rendered":"COMITATO SCIENTIFICO"},"content":{"rendered":"<h3 style=\"text-align: justify;\"><span style=\"color: #ff9900;\">Il Comitato Scientifico<\/span>\u00a0del Centro Autismo Cascina San Vincenzo \u00e8 costituito da cinque professionisti con formazione e competenza specifica nell\u2019ambito dell\u2019autismo.<\/h3>\n<h2><strong><span style=\"color: #ff9900;\">ALESSANDRA BALLARE&#8217; <\/span><\/strong><span style=\"color: #ff9900;\">Psicologa, Coordinatrice del Comitato Scientifico<\/span><\/h2>\n<h4 style=\"text-align: justify;\">E\u2019 laureata in filosofia ad indirizzo psicologico con massimo dei voti e lode; ha conseguito una seconda laurea in Psicologia- Scienze e Tecniche psicologiche (indirizzo Counseling e Salute mentale). E\u2019 iscritta all\u2019Ordine degli Psicologi della Lombardia. Ha conseguito il titolo di Consulente in Sessuologia Clinica e Sessuologa Clinica c\/o AISPA &#8211; Associazione Italiana di Sessuologia e Psicologia Applicata. E\u2019 iscritta all\u2019Albo interno dei professionisti della FISS Federazione Italiana Sessuologia Scientifica. Si \u00e8 specializzata inoltre nell\u2019ambito delle disabilit\u00e0 intellettive in particolare nei Disturbi dello Spettro Autistico. Dal 2015 \u00e8 Docente a Contratto presso l\u2019Universit\u00e0 Cattolica del Sacro Cuore di Milano nell&#8217;ambito della disabilit\u00e0 intellettiva e autismo; da gennaio 2015 ad agosto 2017 \u00e8 stata Specialist Autism Advisor per il Team Italiano dell\u2019Universit\u00e0 del Sacro Cuore di Milano per il progetto europeo \u201cTrasform Autism Education\u201d.<\/h4>\n<h2><strong><span style=\"color: #ff9900;\">LUIGI BRAMBILLA\u00a0<\/span><\/strong><span style=\"color: #ff9900;\">Genitore e membro del Consiglio Direttivo dell&#8217;Associazione<\/span><\/h2>\n<h4 style=\"text-align: justify;\">Con la moglie Cinzia, hanno tre figli. La loro famiglia si confronta con l\u2019autismo da pi\u00f9 di 18 anni e sono fra i primi soci dell\u2019Associazione Cascina San Vincenzo che hanno aiutato a costituirsi e a crescere fino a diventare quello che \u00e8 oggi. E&#8217; responsabile R&amp;D della divisione Tecnologie del gruppo Maggioli, si occupa del collegamento tra il Comitato Scientifico e il Consiglio Direttivo dell\u2019Associazione preoccupandosi di trasferire al Comitato Scientifico gli orientamenti maturati in seno all\u2019Associazione.<\/h4>\n<h2><strong><span style=\"color: #ff9900;\">MARILENA ZACCHINI\u00a0<\/span><\/strong><span style=\"color: #ff9900;\">Educatrice e Formatrice<\/span><\/h2>\n<h4>Lavora da 10 anni come formatrice e\u00a0 consulente a Casadas\u00e8 &#8211; Centro per Autismo (Firenze), da 10 anni \u00e8 consulente presso il Dipartimento di Salute Mentale di Piacenza e da 15 anni per la Cooperativa Amicizia a Codogno. E&#8217; responsabile del Progetto 0\/30 della Fondazione Sospiro. E&#8217; Educatrice professionale e Analista del comportamento, svolge attivit\u00e0 di formazione e supervisione nell&#8217;ambito dell&#8217;intervento psicoeducativo con persone dello spettro autistico. Ha contribuito alla creazione di modelli di servizio per persone autistiche ed \u00e8 formatrice di alcuni strumenti di valutazioni ( PEP3 e TTAP).\u00a0 Dal 2018 ad oggi collaboro al progetto &#8220;L&#8217;arte risveglia l&#8217;anima: arte, musei e autismo&#8221; e ideatrice del progetto nazionale &#8220;BookBox&#8221;<\/h4>\n<h2><strong><span style=\"color: #ff9900;\">ADELMO FIOCCHI <\/span><\/strong><span style=\"color: #ff9900;\">Psicologo psicoterapeuta<\/span><\/h2>\n<h4>Titolare dal 1995 di Counseling, Studio di orientamento e valutazione psicologica e psicoterapia individuale di coppia e familiare presso la sede di Verano Brianza (MB).<br \/>\nDirettore dell\u2019Area Dipendenze della cooperativa Atipica dal 1997, della Comunit\u00e0 Specialistica \u201cVilla Gorizia\u201d a Sirtori (LC) accreditata per la comorbilit\u00e0 psichiatrico-tossicomanica dal 2004 e del Centro Studi e Psicoterapia (CSP) di Milano dal 2005 al 2017.\u00a0Supervisore delle comunit\u00e0 per adolescenti della Cooperativa Arimo dal 2006.\u00a0Coordinatore e Relatore di diversi corsi di formazione per gli operatori della Sanit\u00e0, in conferenze sul tema delle dipendenze e dei disturbi esternalizzanti in adolescenza. Responsabile di progetto e scientifico di progetti in ambito di prevenzione e cura delle dipendenze patologiche e delle comorbilit\u00e0 psichiatriche dal 1993.<\/h4>\n","protected":false},"excerpt":{"rendered":"<p>Il Comitato Scientifico\u00a0del Centro Autismo Cascina San Vincenzo \u00e8 costituito da cinque professionisti con formazione e competenza specifica nell\u2019ambito dell\u2019autismo. ALESSANDRA BALLARE&#8217; Psicologa, Coordinatrice del Comitato Scientifico E\u2019 laureata in &#8230;<\/p>\n","protected":false},"author":2,"featured_media":0,"parent":0,"menu_order":0,"comment_status":"closed","ping_status":"closed","template":"","meta":{"footnotes":""},"class_list":["post-359","page","type-page","status-publish","hentry"],"_links":{"self":[{"href":"https:\/\/cascinasanvincenzo.org\/index.php?rest_route=\/wp\/v2\/pages\/359","targetHints":{"allow":["GET"]}}],"collection":[{"href":"https:\/\/cascinasanvincenzo.org\/index.php?rest_route=\/wp\/v2\/pages"}],"about":[{"href":"https:\/\/cascinasanvincenzo.org\/index.php?rest_route=\/wp\/v2\/types\/page"}],"author":[{"embeddable":true,"href":"https:\/\/cascinasanvincenzo.org\/index.php?rest_route=\/wp\/v2\/users\/2"}],"replies":[{"embeddable":true,"href":"https:\/\/cascinasanvincenzo.org\/index.php?rest_route=%2Fwp%2Fv2%2Fcomments&post=359"}],"version-history":[{"count":17,"href":"https:\/\/cascinasanvincenzo.org\/index.php?rest_route=\/wp\/v2\/pages\/359\/revisions"}],"predecessor-version":[{"id":1210,"href":"https:\/\/cascinasanvincenzo.org\/index.php?rest_route=\/wp\/v2\/pages\/359\/revisions\/1210"}],"wp:attachment":[{"href":"https:\/\/cascinasanvincenzo.org\/index.php?rest_route=%2Fwp%2Fv2%2Fmedia&parent=359"}],"curies":[{"name":"wp","href":"https:\/\/api.w.org\/{rel}","templated":true}]}}